{"id":95,"date":"2024-04-15T13:54:38","date_gmt":"2024-04-15T11:54:38","guid":{"rendered":"https:\/\/actionsplussante.fr\/?page_id=95"},"modified":"2024-04-15T14:39:44","modified_gmt":"2024-04-15T12:39:44","slug":"formation-entretien-du-linge","status":"publish","type":"page","link":"https:\/\/actionsplussante.fr\/index.php\/formation-entretien-du-linge\/","title":{"rendered":"Formation entretien du linge"},"content":{"rendered":"\n<p class=\"has-vivid-cyan-blue-color has-text-color has-link-color has-large-font-size wp-elements-e9780f1b961da3d08ab71a30152b7a5d\">Programme de formation<\/p>\n\n\n\n<p><strong>Technique d\u2019entretien et de repassage du linge<\/strong><\/p>\n\n\n\n<p><strong>Public et pr\u00e9<\/strong><strong>requis<\/strong><strong><\/strong><\/p>\n\n\n\n<p><strong>Public<\/strong> : La formation s\u2019adresse au personnel du service \u00e0 domicile, au personnel de l\u2019aide \u00e0 domicile intervenant au domicile de particuliers.<\/p>\n\n\n\n<p><strong>Pr\u00e9requis :<\/strong> Aucun.<\/p>\n\n\n\n<p><strong>Accessibilit\u00e9 de la formation<\/strong><\/p>\n\n\n\n<p>La formation est individualis\u00e9e, et peut \u00eatre adapt\u00e9e en fonction de vos besoins en accessibilit\u00e9 PSH.<\/p>\n\n\n\n<p><strong>Objectif p\u00e9dagogique global :<\/strong><\/p>\n\n\n\n<ul class=\"wp-block-list\">\n<li>Savoir recueillir la demande et les attentes de l\u2019employeur.<\/li>\n\n\n\n<li>Savoir organiser le tri du linge en fonction de son textile et de sa nature (linge de maison ; v\u00eatements\u2026).<\/li>\n\n\n\n<li>Savoir pr\u00e9parer son environnement pour r\u00e9aliser le repassage.<\/li>\n\n\n\n<li>Repasser avec technique et efficacit\u00e9.<\/li>\n\n\n\n<li>Apprendre \u00e0 plier le linge selon diff\u00e9rentes techniques.<\/li>\n\n\n\n<li>Savoir ranger en pr\u00e9servant le repassage.<\/li>\n\n\n\n<li>Les bonnes postures ergonomiques.<\/li>\n<\/ul>\n\n\n\n<p><strong>Objectifs p\u00e9dagogiques partiels<\/strong><strong><\/strong><\/p>\n\n\n\n<p>A l\u2019issue des diff\u00e9rents modules ou s\u00e9quences de la formation, le stagiaire sera capable de :<\/p>\n\n\n\n<p>Objectif partiel 1 : Etre capable de trier et de laver le linge<\/p>\n\n\n\n<ul class=\"wp-block-list\">\n<li>Les diff\u00e9rents produits de lavage, de d\u00e9tachage.<\/li>\n\n\n\n<li>Les diff\u00e9rentes techniques d\u2019utilisation des produits.<\/li>\n\n\n\n<li>Trier le linge, selon diff\u00e9rents crit\u00e8res : la connaissance des textiles, chaleur du fer, v\u00eatements, linge de maison\u2026<\/li>\n\n\n\n<li>Lire les \u00e9tiquettes, s\u2019approprier les symboles.<\/li>\n<\/ul>\n\n\n\n<p>Objectif partiel 2 : Maitriser les techniques de repassage du linge plat, ouvert, ferm\u00e9<\/p>\n\n\n\n<ul class=\"wp-block-list\">\n<li>Les symboles du fer \u00e0 repasser, de la centrale vapeur.<\/li>\n\n\n\n<li>Technique de repassage<\/li>\n\n\n\n<li>Rangement du linge repass\u00e9<\/li>\n<\/ul>\n\n\n\n<p>Objectif partiel 3 : Maitriser les techniques de pliage du linge plat, ouvert, ferm\u00e9<\/p>\n\n\n\n<ul class=\"wp-block-list\">\n<li>Les techniques de pliage et de rangement du linge<\/li>\n<\/ul>\n\n\n\n<p>Objectif partiel 4 : Pr\u00e9venir des risques li\u00e9s \u00e0 l\u2019entretien du linge<\/p>\n\n\n\n<ul class=\"wp-block-list\">\n<li>\u00catre capable d\u2019adapter une d\u00e9marche ergonomique<\/li>\n\n\n\n<li>Mise en place du mat\u00e9riel<\/li>\n\n\n\n<li>Pr\u00e9paration du linge en vu de son repassage<\/li>\n\n\n\n<li>Les accidents domestiques li\u00e9s \u00e0 l\u2019utilisation du fer \u00e0 repasser, \u00e0 la centrale vapeur.<\/li>\n\n\n\n<li>Gestes d\u2019urgence en cas de brulure, de chute\u2026<\/li>\n<\/ul>\n\n\n\n<p><strong>M\u00e9thodes et moyens p\u00e9dagogiques<\/strong><strong><\/strong><\/p>\n\n\n\n<ul class=\"wp-block-list\">\n<li>M\u00e9thode p\u00e9dagogique active : cas pratique<\/li>\n\n\n\n<li>M\u00e9thode p\u00e9dagogique expositive : expos\u00e9 par la formatrice de connaissances th\u00e9oriques de l\u2019activit\u00e9<\/li>\n<\/ul>\n\n\n\n<p><strong>Ressources p\u00e9dagogiques<\/strong><strong><\/strong><\/p>\n\n\n\n<ul class=\"wp-block-list\">\n<li>Support de cours<\/li>\n\n\n\n<li>Supports d\u2019animation : CD<\/li>\n\n\n\n<li>Fiches pratiques<\/li>\n<\/ul>\n\n\n\n<p><strong>La formatrice<\/strong><strong><\/strong><\/p>\n\n\n\n<p>Professionnelle de l\u2019accompagnement en structure m\u00e9dico-sociale et \u00e0 domicile, C\u00e9line H\u00e9laine est formatrice depuis pr\u00e8s de 10 ans. Dot\u00e9e d\u2019une solide exp\u00e9rience dans l\u2019accompagnement des personnes \u00e2g\u00e9es, des personnes atteintes de troubles psychiatriques et des personnes d\u00e9pendantes dans tous leurs actes de la vie quotidienne dans le respect de leurs volont\u00e9s et de leurs capacit\u00e9s.<\/p>\n\n\n\n<p><strong>Moyens techniques<\/strong><strong><\/strong><\/p>\n\n\n\n<p>Pr\u00e9sentiel<\/p>\n\n\n\n<p><strong>\u00c9valuation<\/strong><strong><\/strong><\/p>\n\n\n\n<p>Une \u00e9valuation de la pratique professionnelle et de l\u2019application des techniques propos\u00e9es sera faite de mani\u00e8re continue.<\/p>\n\n\n\n<p><strong>Dispositifs d\u2019\u00e9valuation \u00e0 la fin et apr<\/strong><strong>\u00e8<\/strong><strong>s la formation<\/strong><strong><\/strong><\/p>\n\n\n\n<p>Une attestation de suivi de formation sera d\u00e9livr\u00e9e \u00e0 l\u2019issue de la formation.<\/p>\n\n\n\n<p>A la fin de la formation, un entretien t\u00e9l\u00e9phonique sera propos\u00e9 afin d\u2019\u00e9valuer de quelle mani\u00e8re le\/la stagiaire a pu appliquer ses connaissances.<\/p>\n\n\n\n<p><strong>Sanction de la formation<\/strong><strong><\/strong><\/p>\n\n\n\n<p>Une attestation de suivi de la formation sera remise \u00e0 la\/au stagiaire.<\/p>\n\n\n\n<p><strong>Programme: <\/strong><strong><\/strong><\/p>\n\n\n\n<p><strong>Modules au choix individualis\u00e9s et ajust\u00e9s tout au long de la formation en fonction de la progression<\/strong><\/p>\n\n\n\n<p><strong><u>Module 1 \u2013 4h<\/u><\/strong><\/p>\n\n\n\n<p><strong>L\u2019entretien du linge<\/strong><\/p>\n\n\n\n<p>Identifier les diff\u00e9rents textiles&nbsp;; leurs caract\u00e9ristiques et leurs propri\u00e9t\u00e9s<\/p>\n\n\n\n<p>Lire les pictogrammes d\u2019entretien du linge<\/p>\n\n\n\n<p>Connaitre les diff\u00e9rents produits d\u2019entretien du linge<\/p>\n\n\n\n<p>Pr\u00e9parer le linge en vue de son entretien&nbsp;: identifier les crit\u00e8res de tri du linge<\/p>\n\n\n\n<p>Connaitre le fonctionnement et l\u2019entretien d\u2019une machine \u00e0 laver<\/p>\n\n\n\n<p>Utiliser un s\u00e8che-linge<\/p>\n\n\n\n<p>Validation des acquis : quiz<\/p>\n\n\n\n<p><strong><u>Module 2 \u2013 3h<\/u><\/strong><\/p>\n\n\n\n<p><strong>Le repassage du linge&nbsp;: Les techniques de repassage<\/strong><\/p>\n\n\n\n<p>Installer son poste de travail<\/p>\n\n\n\n<p>Utiliser et entretenir un fer \u00e0 repasser et une centrale vapeur<\/p>\n\n\n\n<p>Utiliser la technique de repassage, de pliage et de rangement du linge plat&nbsp;: serviettes de toilettes, torchons, draps&nbsp;\u2026<\/p>\n\n\n\n<p>Utiliser la technique de repassage, de pliage et de rangement du linge ferm\u00e9&nbsp;: pantalons, pulls, T-shirt\u2026<\/p>\n\n\n\n<p>Utiliser la technique de repassage, de pliage et de rangement du linge ouvert&nbsp;: chemises, robes.<\/p>\n\n\n\n<p>Validation des acquis : mise en pratique<\/p>\n\n\n\n<p><strong><u>Module 3 &#8211; 4h<\/u><\/strong><\/p>\n\n\n\n<p><strong>Technique d\u2019entretien et de r\u00e9fection du linge<\/strong><\/p>\n\n\n\n<p>D\u00e9crire et justifier les \u00e9tapes d\u2019entretien du linge<\/p>\n\n\n\n<p>R\u00e9aliser le repassage et le pliage du linge plat et ferm\u00e9<\/p>\n\n\n\n<p>R\u00e9aliser le repassage et le rangement du linge ouvert<\/p>\n\n\n\n<p>Maitrise des bases de la couture&nbsp;: r\u00e9aliser un ourlet, coudre un bouton<\/p>\n\n\n\n<p>Validation des acquis : mise en pratique et quiz<\/p>\n\n\n\n<p><strong><u>Module 4 \u2013 3h<\/u><\/strong><\/p>\n\n\n\n<p><strong>Technique de repassage<\/strong><\/p>\n\n\n\n<p>Installer son poste de travail<\/p>\n\n\n\n<p>Pr\u00e9parer le linge en vue de son repassage<\/p>\n\n\n\n<p>Maitriser les techniques de repassage du linge plat, ouvert et ferm\u00e9<\/p>\n\n\n\n<p>R\u00e9aliser le pliage et le rangement du linge<\/p>\n\n\n\n<p>Exercices pratiques<\/p>\n\n\n\n<p>Validation des acquis : cas pratiques<\/p>\n\n\n\n<p>Tarifs:<\/p>\n\n\n\n<p>25 \u20ac TTC\/participant\/h de formation<\/p>\n","protected":false},"excerpt":{"rendered":"<p>Programme de formation Technique d\u2019entretien et de repassage du linge Public et pr\u00e9requis Public : La formation s\u2019adresse au personnel du service \u00e0 domicile, au personnel de l\u2019aide \u00e0 domicile intervenant au domicile de particuliers. Pr\u00e9requis : Aucun. Accessibilit\u00e9 de la formation La formation est individualis\u00e9e, et peut \u00eatre adapt\u00e9e en fonction de vos besoins [&hellip;]<\/p>\n","protected":false},"author":1,"featured_media":0,"parent":0,"menu_order":0,"comment_status":"closed","ping_status":"closed","template":"","meta":{"footnotes":""},"class_list":["post-95","page","type-page","status-publish","hentry"],"yoast_head":"<!-- This site is optimized with the Yoast SEO plugin v22.4 - https:\/\/yoast.com\/wordpress\/plugins\/seo\/ -->\n<title>Formation entretien du linge - Actions Plus Sant\u00e9<\/title>\n<meta name=\"description\" content=\"Nous formons vos salari\u00e9s \u00e0 domicile: accompagnement de la personne, entretien, linge. Organisation de journ\u00e9es d&#039;int\u00e9gration des salari\u00e9s.\" \/>\n<meta name=\"robots\" content=\"index, follow, max-snippet:-1, max-image-preview:large, max-video-preview:-1\" \/>\n<link rel=\"canonical\" href=\"https:\/\/actionsplussante.fr\/index.php\/formation-entretien-du-linge\/\" \/>\n<meta property=\"og:locale\" content=\"en_US\" \/>\n<meta property=\"og:type\" content=\"article\" \/>\n<meta property=\"og:title\" content=\"Formation entretien du linge - Actions Plus Sant\u00e9\" \/>\n<meta property=\"og:description\" content=\"Nous formons vos salari\u00e9s \u00e0 domicile: accompagnement de la personne, entretien, linge. Organisation de journ\u00e9es d&#039;int\u00e9gration des salari\u00e9s.\" \/>\n<meta property=\"og:url\" content=\"https:\/\/actionsplussante.fr\/index.php\/formation-entretien-du-linge\/\" \/>\n<meta property=\"og:site_name\" content=\"Actions Plus Sant\u00e9\" \/>\n<meta property=\"article:modified_time\" content=\"2024-04-15T12:39:44+00:00\" \/>\n<meta name=\"twitter:card\" content=\"summary_large_image\" \/>\n<meta name=\"twitter:label1\" content=\"Est. reading time\" \/>\n\t<meta name=\"twitter:data1\" content=\"4 minutes\" \/>\n<script type=\"application\/ld+json\" class=\"yoast-schema-graph\">{\"@context\":\"https:\/\/schema.org\",\"@graph\":[{\"@type\":\"WebPage\",\"@id\":\"https:\/\/actionsplussante.fr\/index.php\/formation-entretien-du-linge\/\",\"url\":\"https:\/\/actionsplussante.fr\/index.php\/formation-entretien-du-linge\/\",\"name\":\"Formation entretien du linge - Actions Plus Sant\u00e9\",\"isPartOf\":{\"@id\":\"https:\/\/actionsplussante.fr\/#website\"},\"datePublished\":\"2024-04-15T11:54:38+00:00\",\"dateModified\":\"2024-04-15T12:39:44+00:00\",\"description\":\"Nous formons vos salari\u00e9s \u00e0 domicile: accompagnement de la personne, entretien, linge. Organisation de journ\u00e9es d'int\u00e9gration des salari\u00e9s.\",\"breadcrumb\":{\"@id\":\"https:\/\/actionsplussante.fr\/index.php\/formation-entretien-du-linge\/#breadcrumb\"},\"inLanguage\":\"en-US\",\"potentialAction\":[{\"@type\":\"ReadAction\",\"target\":[\"https:\/\/actionsplussante.fr\/index.php\/formation-entretien-du-linge\/\"]}]},{\"@type\":\"BreadcrumbList\",\"@id\":\"https:\/\/actionsplussante.fr\/index.php\/formation-entretien-du-linge\/#breadcrumb\",\"itemListElement\":[{\"@type\":\"ListItem\",\"position\":1,\"name\":\"Home\",\"item\":\"https:\/\/actionsplussante.fr\/\"},{\"@type\":\"ListItem\",\"position\":2,\"name\":\"Formation entretien du linge\"}]},{\"@type\":\"WebSite\",\"@id\":\"https:\/\/actionsplussante.fr\/#website\",\"url\":\"https:\/\/actionsplussante.fr\/\",\"name\":\"Actions Plus Sant\u00e9\",\"description\":\"Formations sanitaire et social\",\"publisher\":{\"@id\":\"https:\/\/actionsplussante.fr\/#organization\"},\"potentialAction\":[{\"@type\":\"SearchAction\",\"target\":{\"@type\":\"EntryPoint\",\"urlTemplate\":\"https:\/\/actionsplussante.fr\/?s={search_term_string}\"},\"query-input\":\"required name=search_term_string\"}],\"inLanguage\":\"en-US\"},{\"@type\":\"Organization\",\"@id\":\"https:\/\/actionsplussante.fr\/#organization\",\"name\":\"Actions Plus Sant\u00e9\",\"url\":\"https:\/\/actionsplussante.fr\/\",\"logo\":{\"@type\":\"ImageObject\",\"inLanguage\":\"en-US\",\"@id\":\"https:\/\/actionsplussante.fr\/#\/schema\/logo\/image\/\",\"url\":\"https:\/\/actionsplussante.fr\/wp-content\/uploads\/2024\/04\/cropped-logoactionsplussante.jpg\",\"contentUrl\":\"https:\/\/actionsplussante.fr\/wp-content\/uploads\/2024\/04\/cropped-logoactionsplussante.jpg\",\"width\":208,\"height\":208,\"caption\":\"Actions Plus Sant\u00e9\"},\"image\":{\"@id\":\"https:\/\/actionsplussante.fr\/#\/schema\/logo\/image\/\"}}]}<\/script>\n<!-- \/ Yoast SEO plugin. -->","yoast_head_json":{"title":"Formation entretien du linge - Actions Plus Sant\u00e9","description":"Nous formons vos salari\u00e9s \u00e0 domicile: accompagnement de la personne, entretien, linge. Organisation de journ\u00e9es d'int\u00e9gration des salari\u00e9s.","robots":{"index":"index","follow":"follow","max-snippet":"max-snippet:-1","max-image-preview":"max-image-preview:large","max-video-preview":"max-video-preview:-1"},"canonical":"https:\/\/actionsplussante.fr\/index.php\/formation-entretien-du-linge\/","og_locale":"en_US","og_type":"article","og_title":"Formation entretien du linge - Actions Plus Sant\u00e9","og_description":"Nous formons vos salari\u00e9s \u00e0 domicile: accompagnement de la personne, entretien, linge. Organisation de journ\u00e9es d'int\u00e9gration des salari\u00e9s.","og_url":"https:\/\/actionsplussante.fr\/index.php\/formation-entretien-du-linge\/","og_site_name":"Actions Plus Sant\u00e9","article_modified_time":"2024-04-15T12:39:44+00:00","twitter_card":"summary_large_image","twitter_misc":{"Est. reading time":"4 minutes"},"schema":{"@context":"https:\/\/schema.org","@graph":[{"@type":"WebPage","@id":"https:\/\/actionsplussante.fr\/index.php\/formation-entretien-du-linge\/","url":"https:\/\/actionsplussante.fr\/index.php\/formation-entretien-du-linge\/","name":"Formation entretien du linge - Actions Plus Sant\u00e9","isPartOf":{"@id":"https:\/\/actionsplussante.fr\/#website"},"datePublished":"2024-04-15T11:54:38+00:00","dateModified":"2024-04-15T12:39:44+00:00","description":"Nous formons vos salari\u00e9s \u00e0 domicile: accompagnement de la personne, entretien, linge. Organisation de journ\u00e9es d'int\u00e9gration des salari\u00e9s.","breadcrumb":{"@id":"https:\/\/actionsplussante.fr\/index.php\/formation-entretien-du-linge\/#breadcrumb"},"inLanguage":"en-US","potentialAction":[{"@type":"ReadAction","target":["https:\/\/actionsplussante.fr\/index.php\/formation-entretien-du-linge\/"]}]},{"@type":"BreadcrumbList","@id":"https:\/\/actionsplussante.fr\/index.php\/formation-entretien-du-linge\/#breadcrumb","itemListElement":[{"@type":"ListItem","position":1,"name":"Home","item":"https:\/\/actionsplussante.fr\/"},{"@type":"ListItem","position":2,"name":"Formation entretien du linge"}]},{"@type":"WebSite","@id":"https:\/\/actionsplussante.fr\/#website","url":"https:\/\/actionsplussante.fr\/","name":"Actions Plus Sant\u00e9","description":"Formations sanitaire et social","publisher":{"@id":"https:\/\/actionsplussante.fr\/#organization"},"potentialAction":[{"@type":"SearchAction","target":{"@type":"EntryPoint","urlTemplate":"https:\/\/actionsplussante.fr\/?s={search_term_string}"},"query-input":"required name=search_term_string"}],"inLanguage":"en-US"},{"@type":"Organization","@id":"https:\/\/actionsplussante.fr\/#organization","name":"Actions Plus Sant\u00e9","url":"https:\/\/actionsplussante.fr\/","logo":{"@type":"ImageObject","inLanguage":"en-US","@id":"https:\/\/actionsplussante.fr\/#\/schema\/logo\/image\/","url":"https:\/\/actionsplussante.fr\/wp-content\/uploads\/2024\/04\/cropped-logoactionsplussante.jpg","contentUrl":"https:\/\/actionsplussante.fr\/wp-content\/uploads\/2024\/04\/cropped-logoactionsplussante.jpg","width":208,"height":208,"caption":"Actions Plus Sant\u00e9"},"image":{"@id":"https:\/\/actionsplussante.fr\/#\/schema\/logo\/image\/"}}]}},"_links":{"self":[{"href":"https:\/\/actionsplussante.fr\/index.php\/wp-json\/wp\/v2\/pages\/95","targetHints":{"allow":["GET"]}}],"collection":[{"href":"https:\/\/actionsplussante.fr\/index.php\/wp-json\/wp\/v2\/pages"}],"about":[{"href":"https:\/\/actionsplussante.fr\/index.php\/wp-json\/wp\/v2\/types\/page"}],"author":[{"embeddable":true,"href":"https:\/\/actionsplussante.fr\/index.php\/wp-json\/wp\/v2\/users\/1"}],"replies":[{"embeddable":true,"href":"https:\/\/actionsplussante.fr\/index.php\/wp-json\/wp\/v2\/comments?post=95"}],"version-history":[{"count":2,"href":"https:\/\/actionsplussante.fr\/index.php\/wp-json\/wp\/v2\/pages\/95\/revisions"}],"predecessor-version":[{"id":97,"href":"https:\/\/actionsplussante.fr\/index.php\/wp-json\/wp\/v2\/pages\/95\/revisions\/97"}],"wp:attachment":[{"href":"https:\/\/actionsplussante.fr\/index.php\/wp-json\/wp\/v2\/media?parent=95"}],"curies":[{"name":"wp","href":"https:\/\/api.w.org\/{rel}","templated":true}]}}